{"id":318,"date":"2019-03-22T04:17:43","date_gmt":"2019-03-22T03:17:43","guid":{"rendered":"http:\/\/svdrevenack.de\/?page_id=318"},"modified":"2019-03-22T04:17:43","modified_gmt":"2019-03-22T03:17:43","slug":"thron-1968-gerhard-koester","status":"publish","type":"page","link":"https:\/\/svdrevenack.de\/?page_id=318","title":{"rendered":"Thron 1968 Gerhard K\u00f6ster"},"content":{"rendered":"<p><img fetchpriority=\"high\" decoding=\"async\" class=\"aligncenter size-full wp-image-319\" src=\"https:\/\/svdrevenack.de\/wp-content\/uploads\/2019\/03\/1968.jpg\" alt=\"\" width=\"818\" height=\"580\" srcset=\"https:\/\/svdrevenack.de\/wp-content\/uploads\/2019\/03\/1968.jpg 818w, https:\/\/svdrevenack.de\/wp-content\/uploads\/2019\/03\/1968-300x213.jpg 300w, https:\/\/svdrevenack.de\/wp-content\/uploads\/2019\/03\/1968-768x545.jpg 768w\" sizes=\"(max-width: 818px) 100vw, 818px\" \/><\/p>\n<p>&nbsp;<\/p>\n<p style=\"text-align: center;\">K\u00f6nig. Gerhard K\u00f6ster<br \/>\nK\u00f6nigin: Gerda K\u00f6ster<\/p>\n<p style=\"text-align: center;\">Thronpaare:<\/p>\n<p style=\"text-align: center;\">Wilhelm und Lisabeth Schulte<br \/>\nKarl-Heinz und Gerda Meyer<br \/>\nWilhelm und Elli Berger<br \/>\nArtur und Elsbeth Adam<\/p>\n","protected":false},"excerpt":{"rendered":"<p>&nbsp; K\u00f6nig. Gerhard K\u00f6ster K\u00f6nigin: Gerda K\u00f6ster Thronpaare: Wilhelm und Lisabeth Schulte Karl-Heinz und Gerda Meyer Wilhelm und Elli Berger Artur und Elsbeth Adam<\/p>\n","protected":false},"author":1,"featured_media":0,"parent":140,"menu_order":0,"comment_status":"closed","ping_status":"closed","template":"","meta":{"ngg_post_thumbnail":0,"footnotes":""},"class_list":["post-318","page","type-page","status-publish","hentry"],"_links":{"self":[{"href":"https:\/\/svdrevenack.de\/index.php?rest_route=\/wp\/v2\/pages\/318","targetHints":{"allow":["GET"]}}],"collection":[{"href":"https:\/\/svdrevenack.de\/index.php?rest_route=\/wp\/v2\/pages"}],"about":[{"href":"https:\/\/svdrevenack.de\/index.php?rest_route=\/wp\/v2\/types\/page"}],"author":[{"embeddable":true,"href":"https:\/\/svdrevenack.de\/index.php?rest_route=\/wp\/v2\/users\/1"}],"replies":[{"embeddable":true,"href":"https:\/\/svdrevenack.de\/index.php?rest_route=%2Fwp%2Fv2%2Fcomments&post=318"}],"version-history":[{"count":1,"href":"https:\/\/svdrevenack.de\/index.php?rest_route=\/wp\/v2\/pages\/318\/revisions"}],"predecessor-version":[{"id":320,"href":"https:\/\/svdrevenack.de\/index.php?rest_route=\/wp\/v2\/pages\/318\/revisions\/320"}],"up":[{"embeddable":true,"href":"https:\/\/svdrevenack.de\/index.php?rest_route=\/wp\/v2\/pages\/140"}],"wp:attachment":[{"href":"https:\/\/svdrevenack.de\/index.php?rest_route=%2Fwp%2Fv2%2Fmedia&parent=318"}],"curies":[{"name":"wp","href":"https:\/\/api.w.org\/{rel}","templated":true}]}}